{"id":40,"date":"2024-03-26T10:52:57","date_gmt":"2024-03-26T09:52:57","guid":{"rendered":"https:\/\/www.360rhone-ml.fr\/?page_id=40"},"modified":"2024-11-14T15:45:38","modified_gmt":"2024-11-14T14:45:38","slug":"accueil","status":"publish","type":"page","link":"https:\/\/www.360rhone-ml.fr\/","title":{"rendered":"Accueil"},"content":{"rendered":"\n<div style=\"height:55px\" aria-hidden=\"true\" class=\"wp-block-spacer\"><\/div>\n\n\n\n<div class=\"wp-block-media-text has-media-on-the-right is-image-fill-element has-nv-light-bg-background-color has-background\" style=\"grid-template-columns:auto 34%\"><div class=\"wp-block-media-text__content\">\n<p><\/p>\n\n\n\n<h1 class=\"wp-block-heading has-x-large-font-size\" style=\"padding-top:0;padding-right:0;padding-bottom:0;padding-left:0;font-style:normal;font-weight:900\">Communaut\u00e9 360 Rh\u00f4ne &amp; M\u00e9tropole de Lyon<\/h1>\n\n\n\n<p>Num\u00e9ro vert d&rsquo;appui aux personnes en situation de handicap, aux aidants et aux professionnels.<\/p>\n\n\n\n<p><\/p>\n<\/div><figure class=\"wp-block-media-text__media\"><img loading=\"lazy\" decoding=\"async\" width=\"827\" height=\"1168\" src=\"https:\/\/www.360rhone-ml.fr\/wp-content\/uploads\/2024\/03\/MAIN-360-1.png\" alt=\"Image t\u00e9l\u00e9phone\" class=\"wp-image-185 size-full\" style=\"object-position:44% 44%\" srcset=\"https:\/\/www.360rhone-ml.fr\/wp-content\/uploads\/2024\/03\/MAIN-360-1.png 827w, https:\/\/www.360rhone-ml.fr\/wp-content\/uploads\/2024\/03\/MAIN-360-1-212x300.png 212w, https:\/\/www.360rhone-ml.fr\/wp-content\/uploads\/2024\/03\/MAIN-360-1-725x1024.png 725w, https:\/\/www.360rhone-ml.fr\/wp-content\/uploads\/2024\/03\/MAIN-360-1-768x1085.png 768w\" sizes=\"auto, (max-width: 827px) 100vw, 827px\" \/><\/figure><\/div>\n\n\n\n<div class=\"wp-block-buttons is-content-justification-space-between is-layout-flex wp-container-core-buttons-is-layout-2eee1175 wp-block-buttons-is-layout-flex\">\n<div class=\"wp-block-button has-custom-width wp-block-button__width-50 has-custom-font-size is-style-default has-medium-font-size\"><a class=\"wp-block-button__link has-nv-dark-bg-color has-text-color has-background has-link-color wp-element-button\" style=\"border-radius:0px;background:linear-gradient(172deg,rgb(238,238,238) 0%,rgb(141,143,150) 100%);padding-top:var(--wp--preset--spacing--50);padding-right:var(--wp--preset--spacing--50);padding-bottom:var(--wp--preset--spacing--50);padding-left:var(--wp--preset--spacing--50)\"><strong>Du lundi au vendredi<\/strong>,<strong> de 9H \u00e0 19H<\/strong><\/a><\/div>\n\n\n\n<div class=\"wp-block-button has-custom-width wp-block-button__width-50 has-custom-font-size is-style-default has-large-font-size\"><a class=\"wp-block-button__link has-background has-text-align-right wp-element-button\" href=\"tel:0800360360\" style=\"border-radius:0px;background:linear-gradient(184deg,rgb(255,245,203) 0%,rgb(182,227,212) 0%,rgb(51,181,145) 100%);padding-top:var(--wp--preset--spacing--30);padding-bottom:var(--wp--preset--spacing--30)\">0 800 360 360<\/a><\/div>\n<\/div>\n\n\n\n<div class=\"wp-block-group is-nowrap is-layout-flex wp-container-core-group-is-layout-ad2f72ca wp-block-group-is-layout-flex\">\n<div class=\"wp-block-buttons wp-container-content-9cfa9a5a is-content-justification-right is-nowrap is-layout-flex wp-container-core-buttons-is-layout-f5f3ae2a wp-block-buttons-is-layout-flex\">\n<div class=\"wp-block-button has-custom-width wp-block-button__width-25 has-custom-font-size is-style-default has-small-font-size\"><a class=\"wp-block-button__link has-nv-dark-bg-color has-nv-text-dark-bg-background-color has-text-color has-background has-link-color wp-element-button\" href=\"https:\/\/app.acce-o.fr\/client\/0800360360\" target=\"_blank\" rel=\"noreferrer noopener nofollow\">Vous \u00eates sourd ou malentendant<\/a><\/div>\n<\/div>\n\n\n\n<div style=\"height:31px;width:10px\" aria-hidden=\"true\" class=\"wp-block-spacer wp-container-content-728072c3\"><\/div>\n\n\n\n<figure class=\"wp-block-image size-full is-resized\"><img loading=\"lazy\" decoding=\"async\" width=\"998\" height=\"1024\" src=\"https:\/\/www.360rhone-ml.fr\/wp-content\/uploads\/2024\/04\/PictoSourdBlanc.png\" alt=\"\" class=\"wp-image-543\" style=\"width:39px;height:auto\" srcset=\"https:\/\/www.360rhone-ml.fr\/wp-content\/uploads\/2024\/04\/PictoSourdBlanc.png 998w, https:\/\/www.360rhone-ml.fr\/wp-content\/uploads\/2024\/04\/PictoSourdBlanc-292x300.png 292w, https:\/\/www.360rhone-ml.fr\/wp-content\/uploads\/2024\/04\/PictoSourdBlanc-768x788.png 768w\" sizes=\"auto, (max-width: 998px) 100vw, 998px\" \/><\/figure>\n<\/div>\n\n\n\n<div style=\"height:59px\" aria-hidden=\"true\" class=\"wp-block-spacer\"><\/div>\n\n\n\n<div class=\"wp-block-group has-neve-link-hover-color-background-color has-background\"><div class=\"wp-block-group__inner-container is-layout-constrained wp-block-group-is-layout-constrained\">\n<div class=\"wp-block-group has-neve-link-hover-color-background-color has-background\"><div class=\"wp-block-group__inner-container is-layout-constrained wp-block-group-is-layout-constrained\">\n<div style=\"height:25px;width:0px\" aria-hidden=\"true\" class=\"wp-block-spacer\"><\/div>\n\n\n\n<div class=\"wp-block-columns has-nv-site-bg-color has-text-color has-link-color wp-elements-d6063af58a9c5faa42b35998872f8740 is-layout-flex wp-container-core-columns-is-layout-6aa87024 wp-block-columns-is-layout-flex\" style=\"border-style:none;border-width:0px;border-radius:0px;padding-top:0;padding-right:var(--wp--preset--spacing--30);padding-bottom:0;padding-left:var(--wp--preset--spacing--30)\">\n<div class=\"wp-block-column is-layout-flow wp-block-column-is-layout-flow\" style=\"border-style:none;border-width:0px\">\n<p class=\"has-text-align-center\"><strong>Je suis une personne en situation de handicap<\/strong>, <br>j&rsquo;ai besoin :  <br> &#8211; d&rsquo;avoir des informations, <br> &#8211; d&rsquo;\u00eatre accompagn\u00e9e et\/ou soign\u00e9e<\/p>\n<\/div>\n\n\n\n<div class=\"wp-block-column is-layout-flow wp-block-column-is-layout-flow\" style=\"border-style:none;border-width:0px\">\n<p class=\"has-text-align-center\"><strong>J&rsquo;aide une personne en situation de handicap<\/strong>, <br>j&rsquo;ai besoin :  <br>&#8211; d&rsquo;\u00eatre soutenu(e), <br>&#8211; d&rsquo;\u00eatre conseill\u00e9(e)<\/p>\n<\/div>\n<\/div>\n<\/div><\/div>\n\n\n\n<div style=\"height:12px\" aria-hidden=\"true\" class=\"wp-block-spacer\"><\/div>\n\n\n\n<p class=\"has-text-align-center has-nv-site-bg-color has-text-color has-link-color has-medium-font-size wp-elements-93b667b88a8b23ce3d16ef6f2b8b7e5f\"><strong>Le 0 800 360 360 vous met en relation avec des acteurs du handicap <br>sur la M\u00e9tropole de Lyon et le D\u00e9partement du Rh\u00f4ne<\/strong><\/p>\n\n\n\n<div style=\"height:7px\" aria-hidden=\"true\" class=\"wp-block-spacer\"><\/div>\n<\/div><\/div>\n\n\n\n<div style=\"height:64px\" aria-hidden=\"true\" class=\"wp-block-spacer\"><\/div>\n\n\n\n<div class=\"wp-block-columns has-background is-layout-flex wp-container-core-columns-is-layout-9d6595d7 wp-block-columns-is-layout-flex\" style=\"background:linear-gradient(0deg,rgb(255,245,203) 0%,rgb(182,227,212) 0%,rgb(51,181,145) 100%)\">\n<div class=\"wp-block-column is-layout-flow wp-block-column-is-layout-flow\">\n<figure class=\"wp-block-embed is-type-video is-provider-youtube wp-block-embed-youtube wp-embed-aspect-16-9 wp-has-aspect-ratio\"><div class=\"wp-block-embed__wrapper\">\n<div class=\"nv-iframe-embed\"><iframe loading=\"lazy\" title=\"La communaut\u00e9 360, c&#039;est quoi ?\" width=\"1200\" height=\"675\" src=\"https:\/\/www.youtube.com\/embed\/z2_VwvmOZM0?feature=oembed\" frameborder=\"0\" allow=\"accelerometer; autoplay; clipboard-write; encrypted-media; gyroscope; picture-in-picture; web-share\" referrerpolicy=\"strict-origin-when-cross-origin\" allowfullscreen><\/iframe><\/div>\n<\/div><\/figure>\n<\/div>\n\n\n\n<div class=\"wp-block-column is-vertically-aligned-center is-layout-flow wp-block-column-is-layout-flow\">\n<p class=\"has-text-align-center has-nv-site-bg-color has-text-color has-link-color wp-elements-974a8c1fae5188b6176b4cdf0e9d8b80\"><strong>\u00ab\u00a0C360 : Les bretons en parle\u00a0\u00bb<\/strong><\/p>\n\n\n\n<div class=\"wp-block-buttons is-content-justification-center is-layout-flex wp-container-core-buttons-is-layout-16018d1d wp-block-buttons-is-layout-flex\">\n<div class=\"wp-block-button has-custom-width wp-block-button__width-100 is-style-secondary\"><a class=\"wp-block-button__link has-neve-link-color-color has-nv-light-bg-background-color has-text-color has-background has-link-color wp-element-button\" href=\"https:\/\/www.360rhone-ml.fr\/index.php\/c360ml\/\" style=\"border-radius:0px\" target=\"_blank\" rel=\"noreferrer noopener\">D\u00e9couvrir en d\u00e9tail le fonctionnement de la Communaut\u00e9 360<\/a><\/div>\n<\/div>\n<\/div>\n<\/div>\n\n\n\n<div style=\"height:63px\" aria-hidden=\"true\" class=\"wp-block-spacer\"><\/div>\n\n\n\n<div class=\"wp-block-group has-nv-site-bg-background-color has-background\" style=\"border-width:1px\"><div class=\"wp-block-group__inner-container is-layout-constrained wp-block-group-is-layout-constrained\">\n<h2 class=\"wp-block-heading has-text-align-center has-nv-site-bg-color has-text-color has-background has-link-color wp-elements-9a06fe32f64d138cce7b509dd689426b\" style=\"background:linear-gradient(0deg,rgb(255,245,203) 0%,rgb(127,163,195) 0%,rgb(40,83,109) 100%)\">La Communaut\u00e9 360 du Rh\u00f4ne \/ M\u00e9tropole de Lyon<\/h2>\n\n\n\n<figure class=\"wp-block-gallery has-nested-images columns-6 has-nv-site-bg-background-color has-background wp-block-gallery-1 is-layout-flex wp-block-gallery-is-layout-flex\" style=\"padding-top:var(--wp--preset--spacing--20);padding-right:var(--wp--preset--spacing--20);padding-bottom:var(--wp--preset--spacing--20);padding-left:var(--wp--preset--spacing--20)\">\n<figure class=\"wp-block-image size-full has-custom-border\"><a href=\"https:\/\/www.acolea.org\/poles\/medico-social\/\" target=\"_blank\" rel=\"noreferrer noopener\"><img loading=\"lazy\" decoding=\"async\" width=\"260\" height=\"90\" data-id=\"265\" src=\"https:\/\/www.360rhone-ml.fr\/wp-content\/uploads\/2024\/03\/Logo-ACOLEA-AMPH.png\" alt=\"ACOLEA\" class=\"wp-image-265\" style=\"border-style:none;border-width:0px\"\/><\/a><\/figure>\n\n\n\n<figure class=\"wp-block-image size-full has-custom-border\"><a href=\"https:\/\/www.adapei69.fr\" target=\"_blank\" rel=\"noreferrer noopener\"><img loading=\"lazy\" decoding=\"async\" width=\"1392\" height=\"538\" data-id=\"392\" src=\"https:\/\/www.360rhone-ml.fr\/wp-content\/uploads\/2024\/03\/LOGO-ADAPEI69-blanc.jpg\" alt=\"ADAPEI69\" class=\"wp-image-392\" style=\"border-style:none;border-width:0px\" srcset=\"https:\/\/www.360rhone-ml.fr\/wp-content\/uploads\/2024\/03\/LOGO-ADAPEI69-blanc.jpg 1392w, https:\/\/www.360rhone-ml.fr\/wp-content\/uploads\/2024\/03\/LOGO-ADAPEI69-blanc-300x116.jpg 300w, https:\/\/www.360rhone-ml.fr\/wp-content\/uploads\/2024\/03\/LOGO-ADAPEI69-blanc-1024x396.jpg 1024w, https:\/\/www.360rhone-ml.fr\/wp-content\/uploads\/2024\/03\/LOGO-ADAPEI69-blanc-768x297.jpg 768w\" sizes=\"auto, (max-width: 1392px) 100vw, 1392px\" \/><\/a><\/figure>\n\n\n\n<figure class=\"wp-block-image size-full has-custom-border\"><a href=\"https:\/\/www.groupe-adene.com\/\" target=\"_blank\" rel=\"noreferrer noopener\"><img loading=\"lazy\" decoding=\"async\" width=\"728\" height=\"338\" data-id=\"467\" src=\"https:\/\/www.360rhone-ml.fr\/wp-content\/uploads\/2024\/03\/Adene.jpg\" alt=\"GROUPE ADENE\" class=\"wp-image-467\" style=\"border-style:none;border-width:0px\" srcset=\"https:\/\/www.360rhone-ml.fr\/wp-content\/uploads\/2024\/03\/Adene.jpg 728w, https:\/\/www.360rhone-ml.fr\/wp-content\/uploads\/2024\/03\/Adene-300x139.jpg 300w\" sizes=\"auto, (max-width: 728px) 100vw, 728px\" \/><\/a><\/figure>\n\n\n\n<figure class=\"wp-block-image size-full has-custom-border\"><a href=\"https:\/\/www.afg-autisme.com\/\" target=\"_blank\" rel=\"noreferrer noopener\"><img loading=\"lazy\" decoding=\"async\" width=\"269\" height=\"284\" data-id=\"266\" src=\"https:\/\/www.360rhone-ml.fr\/wp-content\/uploads\/2024\/03\/Logo-AFG-web.png\" alt=\"AFG AUTISME\" class=\"wp-image-266\" style=\"border-style:none;border-width:0px\"\/><\/a><\/figure>\n\n\n\n<figure class=\"wp-block-image size-full has-custom-border\"><a href=\"https:\/\/alged.com\" target=\"_blank\" rel=\"noreferrer noopener\"><img loading=\"lazy\" decoding=\"async\" width=\"563\" height=\"164\" data-id=\"263\" src=\"https:\/\/www.360rhone-ml.fr\/wp-content\/uploads\/2024\/03\/ALGED_Logo-96dpi.jpg\" alt=\"ALGED\" class=\"wp-image-263\" style=\"border-style:none;border-width:0px\" srcset=\"https:\/\/www.360rhone-ml.fr\/wp-content\/uploads\/2024\/03\/ALGED_Logo-96dpi.jpg 563w, https:\/\/www.360rhone-ml.fr\/wp-content\/uploads\/2024\/03\/ALGED_Logo-96dpi-300x87.jpg 300w\" sizes=\"auto, (max-width: 563px) 100vw, 563px\" \/><\/a><\/figure>\n\n\n\n<figure class=\"wp-block-image size-full has-custom-border\"><a href=\"https:\/\/www.apf-francehandicap.org\/\" target=\"_blank\" rel=\"noreferrer noopener\"><img loading=\"lazy\" decoding=\"async\" width=\"1464\" height=\"920\" data-id=\"486\" src=\"https:\/\/www.360rhone-ml.fr\/wp-content\/uploads\/2024\/04\/Logo-bloc-APF-France-handicap.jpg\" alt=\"APF France Handicap\" class=\"wp-image-486\" style=\"border-style:none;border-width:0px\" srcset=\"https:\/\/www.360rhone-ml.fr\/wp-content\/uploads\/2024\/04\/Logo-bloc-APF-France-handicap.jpg 1464w, https:\/\/www.360rhone-ml.fr\/wp-content\/uploads\/2024\/04\/Logo-bloc-APF-France-handicap-300x189.jpg 300w, https:\/\/www.360rhone-ml.fr\/wp-content\/uploads\/2024\/04\/Logo-bloc-APF-France-handicap-1024x643.jpg 1024w, https:\/\/www.360rhone-ml.fr\/wp-content\/uploads\/2024\/04\/Logo-bloc-APF-France-handicap-768x483.jpg 768w\" sizes=\"auto, (max-width: 1464px) 100vw, 1464px\" \/><\/a><\/figure>\n\n\n\n<figure class=\"wp-block-image size-full has-custom-border\"><a href=\"https:\/\/www.auvergne-rhone-alpes.ars.sante.fr\/\" target=\"_blank\" rel=\"noreferrer noopener\"><img loading=\"lazy\" decoding=\"async\" width=\"1713\" height=\"655\" data-id=\"547\" src=\"https:\/\/www.360rhone-ml.fr\/wp-content\/uploads\/2024\/04\/2020_Logo_RF_ARS_ARA_Horizontal.png\" alt=\"ARS\" class=\"wp-image-547\" style=\"border-style:none;border-width:0px\" srcset=\"https:\/\/www.360rhone-ml.fr\/wp-content\/uploads\/2024\/04\/2020_Logo_RF_ARS_ARA_Horizontal.png 1713w, https:\/\/www.360rhone-ml.fr\/wp-content\/uploads\/2024\/04\/2020_Logo_RF_ARS_ARA_Horizontal-300x115.png 300w, https:\/\/www.360rhone-ml.fr\/wp-content\/uploads\/2024\/04\/2020_Logo_RF_ARS_ARA_Horizontal-1024x392.png 1024w, https:\/\/www.360rhone-ml.fr\/wp-content\/uploads\/2024\/04\/2020_Logo_RF_ARS_ARA_Horizontal-768x294.png 768w, https:\/\/www.360rhone-ml.fr\/wp-content\/uploads\/2024\/04\/2020_Logo_RF_ARS_ARA_Horizontal-1536x587.png 1536w\" sizes=\"auto, (max-width: 1713px) 100vw, 1713px\" \/><\/a><\/figure>\n\n\n\n<figure class=\"wp-block-image size-full has-custom-border is-style-default\"><a href=\"https:\/\/www.chantelise.org\/\" target=\"_blank\" rel=\"noreferrer noopener\"><img loading=\"lazy\" decoding=\"async\" width=\"2399\" height=\"825\" data-id=\"514\" src=\"https:\/\/www.360rhone-ml.fr\/wp-content\/uploads\/2024\/04\/Logo-Fondation-Chantelise.jpg\" alt=\"CHANTELISE\" class=\"wp-image-514\" style=\"border-style:none;border-width:0px\" srcset=\"https:\/\/www.360rhone-ml.fr\/wp-content\/uploads\/2024\/04\/Logo-Fondation-Chantelise.jpg 2399w, https:\/\/www.360rhone-ml.fr\/wp-content\/uploads\/2024\/04\/Logo-Fondation-Chantelise-300x103.jpg 300w, https:\/\/www.360rhone-ml.fr\/wp-content\/uploads\/2024\/04\/Logo-Fondation-Chantelise-1024x352.jpg 1024w, https:\/\/www.360rhone-ml.fr\/wp-content\/uploads\/2024\/04\/Logo-Fondation-Chantelise-768x264.jpg 768w, https:\/\/www.360rhone-ml.fr\/wp-content\/uploads\/2024\/04\/Logo-Fondation-Chantelise-1536x528.jpg 1536w, https:\/\/www.360rhone-ml.fr\/wp-content\/uploads\/2024\/04\/Logo-Fondation-Chantelise-2048x704.jpg 2048w\" sizes=\"auto, (max-width: 2399px) 100vw, 2399px\" \/><\/a><\/figure>\n\n\n\n<figure class=\"wp-block-image size-full has-custom-border\"><a href=\"https:\/\/www.coordination69.asso.fr\/fr\/\" target=\"_blank\" rel=\"noreferrer noopener\"><img loading=\"lazy\" decoding=\"async\" width=\"1577\" height=\"1370\" data-id=\"483\" src=\"https:\/\/www.360rhone-ml.fr\/wp-content\/uploads\/2024\/04\/Logo-Coordination-69-bleu.jpg\" alt=\"\" class=\"wp-image-483\" style=\"border-style:none;border-width:0px\" srcset=\"https:\/\/www.360rhone-ml.fr\/wp-content\/uploads\/2024\/04\/Logo-Coordination-69-bleu.jpg 1577w, https:\/\/www.360rhone-ml.fr\/wp-content\/uploads\/2024\/04\/Logo-Coordination-69-bleu-300x261.jpg 300w, https:\/\/www.360rhone-ml.fr\/wp-content\/uploads\/2024\/04\/Logo-Coordination-69-bleu-1024x890.jpg 1024w, https:\/\/www.360rhone-ml.fr\/wp-content\/uploads\/2024\/04\/Logo-Coordination-69-bleu-768x667.jpg 768w, https:\/\/www.360rhone-ml.fr\/wp-content\/uploads\/2024\/04\/Logo-Coordination-69-bleu-1536x1334.jpg 1536w\" sizes=\"auto, (max-width: 1577px) 100vw, 1577px\" \/><\/a><\/figure>\n\n\n\n<figure class=\"wp-block-image size-full has-custom-border\"><a href=\"https:\/\/grim69.org\" target=\"_blank\" rel=\"noreferrer noopener\"><img loading=\"lazy\" decoding=\"async\" width=\"1354\" height=\"650\" data-id=\"470\" src=\"https:\/\/www.360rhone-ml.fr\/wp-content\/uploads\/2024\/03\/Logotype-Grim.jpg\" alt=\"GRIM\" class=\"wp-image-470\" style=\"border-style:none;border-width:0px\" srcset=\"https:\/\/www.360rhone-ml.fr\/wp-content\/uploads\/2024\/03\/Logotype-Grim.jpg 1354w, https:\/\/www.360rhone-ml.fr\/wp-content\/uploads\/2024\/03\/Logotype-Grim-300x144.jpg 300w, https:\/\/www.360rhone-ml.fr\/wp-content\/uploads\/2024\/03\/Logotype-Grim-1024x492.jpg 1024w, https:\/\/www.360rhone-ml.fr\/wp-content\/uploads\/2024\/03\/Logotype-Grim-768x369.jpg 768w\" sizes=\"auto, (max-width: 1354px) 100vw, 1354px\" \/><\/a><\/figure>\n\n\n\n<figure class=\"wp-block-image size-full has-custom-border\"><a href=\"https:\/\/www.irsam.fr\/\" target=\"_blank\" rel=\"noreferrer noopener\"><img loading=\"lazy\" decoding=\"async\" width=\"401\" height=\"275\" data-id=\"264\" src=\"https:\/\/www.360rhone-ml.fr\/wp-content\/uploads\/2024\/03\/LOGO-IRSAM-COULEUR.jpg\" alt=\"IRSAM\" class=\"wp-image-264\" style=\"border-style:none;border-width:0px\" srcset=\"https:\/\/www.360rhone-ml.fr\/wp-content\/uploads\/2024\/03\/LOGO-IRSAM-COULEUR.jpg 401w, https:\/\/www.360rhone-ml.fr\/wp-content\/uploads\/2024\/03\/LOGO-IRSAM-COULEUR-300x206.jpg 300w\" sizes=\"auto, (max-width: 401px) 100vw, 401px\" \/><\/a><\/figure>\n\n\n\n<figure class=\"wp-block-image size-full has-custom-border\"><a href=\"https:\/\/www.ladapt.net\/etablissement-service-auvergne-rhone-alpes-rhone-metropole-de-lyon\" target=\"_blank\" rel=\"noreferrer noopener\"><img loading=\"lazy\" decoding=\"async\" width=\"323\" height=\"416\" data-id=\"314\" src=\"https:\/\/www.360rhone-ml.fr\/wp-content\/uploads\/2024\/03\/Logo-LADAPT-AuRA-96ppi.jpg\" alt=\"LADAPT\" class=\"wp-image-314\" style=\"border-style:none;border-width:0px\" srcset=\"https:\/\/www.360rhone-ml.fr\/wp-content\/uploads\/2024\/03\/Logo-LADAPT-AuRA-96ppi.jpg 323w, https:\/\/www.360rhone-ml.fr\/wp-content\/uploads\/2024\/03\/Logo-LADAPT-AuRA-96ppi-233x300.jpg 233w\" sizes=\"auto, (max-width: 323px) 100vw, 323px\" \/><\/a><\/figure>\n\n\n\n<figure class=\"wp-block-image size-full has-custom-border\"><a href=\"https:\/\/laroche.asso.fr\/\" target=\"_blank\" rel=\"noreferrer noopener\"><img loading=\"lazy\" decoding=\"async\" width=\"934\" height=\"393\" data-id=\"271\" src=\"https:\/\/www.360rhone-ml.fr\/wp-content\/uploads\/2024\/03\/Logo-La-Roche.jpg\" alt=\"LA ROCHE\" class=\"wp-image-271\" style=\"border-style:none;border-width:0px\" srcset=\"https:\/\/www.360rhone-ml.fr\/wp-content\/uploads\/2024\/03\/Logo-La-Roche.jpg 934w, https:\/\/www.360rhone-ml.fr\/wp-content\/uploads\/2024\/03\/Logo-La-Roche-300x126.jpg 300w, https:\/\/www.360rhone-ml.fr\/wp-content\/uploads\/2024\/03\/Logo-La-Roche-768x323.jpg 768w\" sizes=\"auto, (max-width: 934px) 100vw, 934px\" \/><\/a><\/figure>\n\n\n\n<figure class=\"wp-block-image size-full has-custom-border\"><a href=\"https:\/\/lespep69.org\" target=\"_blank\" rel=\"noreferrer noopener\"><img loading=\"lazy\" decoding=\"async\" width=\"1182\" height=\"1182\" data-id=\"535\" src=\"https:\/\/www.360rhone-ml.fr\/wp-content\/uploads\/2024\/04\/Logo-Pep69.jpg\" alt=\"LES PEP69\/ML\" class=\"wp-image-535\" style=\"border-style:none;border-width:0px\" srcset=\"https:\/\/www.360rhone-ml.fr\/wp-content\/uploads\/2024\/04\/Logo-Pep69.jpg 1182w, https:\/\/www.360rhone-ml.fr\/wp-content\/uploads\/2024\/04\/Logo-Pep69-300x300.jpg 300w, https:\/\/www.360rhone-ml.fr\/wp-content\/uploads\/2024\/04\/Logo-Pep69-1024x1024.jpg 1024w, https:\/\/www.360rhone-ml.fr\/wp-content\/uploads\/2024\/04\/Logo-Pep69-150x150.jpg 150w, https:\/\/www.360rhone-ml.fr\/wp-content\/uploads\/2024\/04\/Logo-Pep69-768x768.jpg 768w\" sizes=\"auto, (max-width: 1182px) 100vw, 1182px\" \/><\/a><\/figure>\n\n\n\n<figure class=\"wp-block-image size-full has-custom-border\"><a href=\"https:\/\/www.metropole-aidante.fr\/\" target=\"_blank\" rel=\"noreferrer noopener\"><img loading=\"lazy\" decoding=\"async\" width=\"943\" height=\"447\" data-id=\"480\" src=\"https:\/\/www.360rhone-ml.fr\/wp-content\/uploads\/2024\/03\/LOGO-MA.jpg\" alt=\"METROPOLE AIDANTE\" class=\"wp-image-480\" style=\"border-style:none;border-width:0px\" srcset=\"https:\/\/www.360rhone-ml.fr\/wp-content\/uploads\/2024\/03\/LOGO-MA.jpg 943w, https:\/\/www.360rhone-ml.fr\/wp-content\/uploads\/2024\/03\/LOGO-MA-300x142.jpg 300w, https:\/\/www.360rhone-ml.fr\/wp-content\/uploads\/2024\/03\/LOGO-MA-768x364.jpg 768w\" sizes=\"auto, (max-width: 943px) 100vw, 943px\" \/><\/a><\/figure>\n\n\n\n<figure class=\"wp-block-image size-full has-custom-border\"><a href=\"https:\/\/www.grandlyon.com\/\" target=\"_blank\" rel=\"noreferrer noopener\"><img loading=\"lazy\" decoding=\"async\" width=\"800\" height=\"280\" data-id=\"552\" src=\"https:\/\/www.360rhone-ml.fr\/wp-content\/uploads\/2024\/04\/Logo_Metropole_Lyon.jpg\" alt=\"METROPOLE GRAND LYON\" class=\"wp-image-552\" style=\"border-style:none;border-width:0px\" srcset=\"https:\/\/www.360rhone-ml.fr\/wp-content\/uploads\/2024\/04\/Logo_Metropole_Lyon.jpg 800w, https:\/\/www.360rhone-ml.fr\/wp-content\/uploads\/2024\/04\/Logo_Metropole_Lyon-300x105.jpg 300w, https:\/\/www.360rhone-ml.fr\/wp-content\/uploads\/2024\/04\/Logo_Metropole_Lyon-768x269.jpg 768w\" sizes=\"auto, (max-width: 800px) 100vw, 800px\" \/><\/a><\/figure>\n\n\n\n<figure class=\"wp-block-image size-full has-custom-border\"><a href=\"https:\/\/www.odyneo.fr\/\" target=\"_blank\" rel=\"noreferrer noopener\"><img loading=\"lazy\" decoding=\"async\" width=\"718\" height=\"378\" data-id=\"520\" src=\"https:\/\/www.360rhone-ml.fr\/wp-content\/uploads\/2024\/04\/Logo-Odyneo.jpg\" alt=\"ODYNEO\" class=\"wp-image-520\" style=\"border-style:none;border-width:0px\" srcset=\"https:\/\/www.360rhone-ml.fr\/wp-content\/uploads\/2024\/04\/Logo-Odyneo.jpg 718w, https:\/\/www.360rhone-ml.fr\/wp-content\/uploads\/2024\/04\/Logo-Odyneo-300x158.jpg 300w\" sizes=\"auto, (max-width: 718px) 100vw, 718px\" \/><\/a><\/figure>\n\n\n\n<figure class=\"wp-block-image size-full\"><a href=\"https:\/\/osl.fr\" target=\"_blank\" rel=\"noreferrer noopener\"><img loading=\"lazy\" decoding=\"async\" width=\"293\" height=\"200\" data-id=\"608\" src=\"https:\/\/www.360rhone-ml.fr\/wp-content\/uploads\/2024\/06\/LogoOsl.jpg\" alt=\"\" class=\"wp-image-608\"\/><\/a><\/figure>\n\n\n\n<figure class=\"wp-block-image size-full has-custom-border\"><a href=\"https:\/\/www.fondation-ove.fr\/\" target=\"_blank\" rel=\"noreferrer noopener\"><img loading=\"lazy\" decoding=\"async\" width=\"1240\" height=\"1142\" data-id=\"268\" src=\"https:\/\/www.360rhone-ml.fr\/wp-content\/uploads\/2024\/03\/logo_fondation_ove.jpg\" alt=\"OVE\" class=\"wp-image-268\" style=\"border-style:none;border-width:0px\" srcset=\"https:\/\/www.360rhone-ml.fr\/wp-content\/uploads\/2024\/03\/logo_fondation_ove.jpg 1240w, https:\/\/www.360rhone-ml.fr\/wp-content\/uploads\/2024\/03\/logo_fondation_ove-300x276.jpg 300w, https:\/\/www.360rhone-ml.fr\/wp-content\/uploads\/2024\/03\/logo_fondation_ove-1024x943.jpg 1024w, https:\/\/www.360rhone-ml.fr\/wp-content\/uploads\/2024\/03\/logo_fondation_ove-768x707.jpg 768w\" sizes=\"auto, (max-width: 1240px) 100vw, 1240px\" \/><\/a><\/figure>\n\n\n\n<figure class=\"wp-block-image size-full has-custom-border\"><a href=\"https:\/\/sesame-autisme.com\" target=\"_blank\" rel=\"noreferrer noopener\"><img loading=\"lazy\" decoding=\"async\" width=\"738\" height=\"806\" data-id=\"272\" src=\"https:\/\/www.360rhone-ml.fr\/wp-content\/uploads\/2024\/03\/Logo-SARA-rvb-LD.jpg\" alt=\"SESAME AUTISME\" class=\"wp-image-272\" style=\"border-style:none;border-width:0px\" srcset=\"https:\/\/www.360rhone-ml.fr\/wp-content\/uploads\/2024\/03\/Logo-SARA-rvb-LD.jpg 738w, https:\/\/www.360rhone-ml.fr\/wp-content\/uploads\/2024\/03\/Logo-SARA-rvb-LD-275x300.jpg 275w\" sizes=\"auto, (max-width: 738px) 100vw, 738px\" \/><\/a><\/figure>\n\n\n\n<figure class=\"wp-block-image size-full has-custom-border\"><a href=\"https:\/\/www.unesourisverte.org\/\" target=\"_blank\" rel=\"noreferrer noopener\"><img loading=\"lazy\" decoding=\"async\" width=\"500\" height=\"306\" data-id=\"475\" src=\"https:\/\/www.360rhone-ml.fr\/wp-content\/uploads\/2024\/03\/Logo-USV.jpg\" alt=\"UNE SOURIS VERTE\" class=\"wp-image-475\" style=\"border-style:none;border-width:0px\" srcset=\"https:\/\/www.360rhone-ml.fr\/wp-content\/uploads\/2024\/03\/Logo-USV.jpg 500w, https:\/\/www.360rhone-ml.fr\/wp-content\/uploads\/2024\/03\/Logo-USV-300x184.jpg 300w\" sizes=\"auto, (max-width: 500px) 100vw, 500px\" \/><\/a><\/figure>\n\n\n\n<figure class=\"wp-block-image size-full has-custom-border\"><a href=\"https:\/\/www.unafam.org\/rhone\" target=\"_blank\" rel=\"noreferrer noopener\"><img loading=\"lazy\" decoding=\"async\" width=\"500\" height=\"335\" data-id=\"525\" src=\"https:\/\/www.360rhone-ml.fr\/wp-content\/uploads\/2024\/04\/logo-unafam-69-metropole-de-lyon-et-rhone-96-DPI.jpg\" alt=\"UNAFAM69\" class=\"wp-image-525\" style=\"border-style:none;border-width:0px\" srcset=\"https:\/\/www.360rhone-ml.fr\/wp-content\/uploads\/2024\/04\/logo-unafam-69-metropole-de-lyon-et-rhone-96-DPI.jpg 500w, https:\/\/www.360rhone-ml.fr\/wp-content\/uploads\/2024\/04\/logo-unafam-69-metropole-de-lyon-et-rhone-96-DPI-300x201.jpg 300w\" sizes=\"auto, (max-width: 500px) 100vw, 500px\" \/><\/a><\/figure>\n\n\n\n<figure class=\"wp-block-image size-full has-custom-border\"><a href=\"https:\/\/www.uniscite.fr\/antenne\/lyon\/\" target=\"_blank\" rel=\"noreferrer noopener\"><img loading=\"lazy\" decoding=\"async\" width=\"2475\" height=\"1374\" data-id=\"317\" src=\"https:\/\/www.360rhone-ml.fr\/wp-content\/uploads\/2024\/03\/logo-ucara-web.jpg\" alt=\"UNIS CITE AuRA\" class=\"wp-image-317\" style=\"border-style:none;border-width:0px\" srcset=\"https:\/\/www.360rhone-ml.fr\/wp-content\/uploads\/2024\/03\/logo-ucara-web.jpg 2475w, https:\/\/www.360rhone-ml.fr\/wp-content\/uploads\/2024\/03\/logo-ucara-web-300x167.jpg 300w, https:\/\/www.360rhone-ml.fr\/wp-content\/uploads\/2024\/03\/logo-ucara-web-1024x568.jpg 1024w, https:\/\/www.360rhone-ml.fr\/wp-content\/uploads\/2024\/03\/logo-ucara-web-768x426.jpg 768w, https:\/\/www.360rhone-ml.fr\/wp-content\/uploads\/2024\/03\/logo-ucara-web-1536x853.jpg 1536w, https:\/\/www.360rhone-ml.fr\/wp-content\/uploads\/2024\/03\/logo-ucara-web-2048x1137.jpg 2048w\" sizes=\"auto, (max-width: 2475px) 100vw, 2475px\" \/><\/a><\/figure>\n<\/figure>\n\n\n\n<div class=\"wp-block-group is-nowrap is-layout-flex wp-container-core-group-is-layout-ad2f72ca wp-block-group-is-layout-flex\"><\/div>\n<\/div><\/div>\n\n\n\n<div style=\"height:61px\" aria-hidden=\"true\" class=\"wp-block-spacer\"><\/div>\n\n\n\n<div class=\"wp-block-group has-nv-c-2-color has-nv-light-bg-background-color has-text-color has-background has-link-color wp-elements-4dd67b49004571f2e4778944af24efee\"><div class=\"wp-block-group__inner-container is-layout-constrained wp-block-group-is-layout-constrained\">\n<p class=\"has-text-align-center has-neve-link-hover-color-color has-text-color has-link-color wp-elements-ba72738abd17e102eff6f122aa810e52\">Si vous souhaitez partager autour de vous les informations pratiques concernant le <strong>0 800 360 360<\/strong> et la Communaut\u00e9 360 du Rh\u00f4ne M\u00e9tropole de Lyon <\/p>\n\n\n\n<div class=\"wp-block-buttons alignwide is-layout-flex wp-block-buttons-is-layout-flex\">\n<div class=\"wp-block-button has-custom-width wp-block-button__width-100 is-style-secondary\"><a class=\"wp-block-button__link has-nv-site-bg-color has-neve-link-hover-color-background-color has-text-color has-background has-link-color has-text-align-center wp-element-button\" href=\"http:\/\/360rhone-ml.fr\/index.php\/telechargements\" style=\"border-radius:30px\" target=\"_blank\" rel=\"noreferrer noopener\">T\u00e9l\u00e9charger le kit de communication<\/a><\/div>\n<\/div>\n\n\n\n<div style=\"height:25px\" aria-hidden=\"true\" class=\"wp-block-spacer\"><\/div>\n<\/div><\/div>\n","protected":false},"excerpt":{"rendered":"<p>Communaut\u00e9 360 Rh\u00f4ne &amp; M\u00e9tropole de Lyon Num\u00e9ro vert d&rsquo;appui aux personnes en situation de handicap, aux aidants et aux professionnels. Je suis une personne en situation de handicap, j&rsquo;ai besoin : &#8211; d&rsquo;avoir des informations, &#8211; d&rsquo;\u00eatre accompagn\u00e9e et\/ou soign\u00e9e J&rsquo;aide une personne en situation de handicap, j&rsquo;ai besoin : &#8211; d&rsquo;\u00eatre soutenu(e), &#8211;&hellip;&nbsp;<a href=\"https:\/\/www.360rhone-ml.fr\/\" rel=\"bookmark\">Lire la suite &raquo;<span class=\"screen-reader-text\">Accueil<\/span><\/a><\/p>\n","protected":false},"author":1,"featured_media":0,"parent":0,"menu_order":0,"comment_status":"closed","ping_status":"closed","template":"","meta":{"neve_meta_sidebar":"full-width","neve_meta_container":"contained","neve_meta_enable_content_width":"off","neve_meta_content_width":70,"neve_meta_title_alignment":"center","neve_meta_author_avatar":"","neve_post_elements_order":"","neve_meta_disable_header":"off","neve_meta_disable_footer":"","neve_meta_disable_title":"on","footnotes":""},"class_list":["post-40","page","type-page","status-publish","hentry"],"_links":{"self":[{"href":"https:\/\/www.360rhone-ml.fr\/index.php\/wp-json\/wp\/v2\/pages\/40","targetHints":{"allow":["GET"]}}],"collection":[{"href":"https:\/\/www.360rhone-ml.fr\/index.php\/wp-json\/wp\/v2\/pages"}],"about":[{"href":"https:\/\/www.360rhone-ml.fr\/index.php\/wp-json\/wp\/v2\/types\/page"}],"author":[{"embeddable":true,"href":"https:\/\/www.360rhone-ml.fr\/index.php\/wp-json\/wp\/v2\/users\/1"}],"replies":[{"embeddable":true,"href":"https:\/\/www.360rhone-ml.fr\/index.php\/wp-json\/wp\/v2\/comments?post=40"}],"version-history":[{"count":293,"href":"https:\/\/www.360rhone-ml.fr\/index.php\/wp-json\/wp\/v2\/pages\/40\/revisions"}],"predecessor-version":[{"id":718,"href":"https:\/\/www.360rhone-ml.fr\/index.php\/wp-json\/wp\/v2\/pages\/40\/revisions\/718"}],"wp:attachment":[{"href":"https:\/\/www.360rhone-ml.fr\/index.php\/wp-json\/wp\/v2\/media?parent=40"}],"curies":[{"name":"wp","href":"https:\/\/api.w.org\/{rel}","templated":true}]}}